{"id":1546,"date":"2018-06-19T10:08:17","date_gmt":"2018-06-19T10:08:17","guid":{"rendered":"http:\/\/csm-danmark.dk.dedi5085.your-server.de\/midt-nord\/?page_id=1546"},"modified":"2025-09-08T11:34:00","modified_gmt":"2025-09-08T11:34:00","slug":"cafeen","status":"publish","type":"page","link":"https:\/\/csm-danmark.dk\/midt-nord\/cafeen\/","title":{"rendered":"Aarhus Caf\u00e9"},"content":{"rendered":"\n<h2 class=\"wp-block-heading\"><strong>\u00c5bningstider<\/strong><\/h2>\n\n\n\n<p>1. Mandag og 3. mandag i m\u00e5neden kl. 16.30 \u2013 19.30\u00a0<br>Tirsdag kl. 10.00 \u2013 14.00\u00a0<br>Torsdag kl. 10.00 \u2013 14.00\u00a0<\/p>\n\n\n\n<p>Bem\u00e6rk at caf\u00e9en overvejende er lukket i skolernes ferier.\u00a0<\/p>\n\n\n\n<p><i class=\"fa fa-home fa- \">&nbsp;<\/i>Thomas Koppels Gade 30, 2.,<\/p>\n\n\n\n<p>8000 Aarhus C<\/p>\n\n\n\n<p><i class=\"fa fa-phone \"><\/i>&nbsp;51 19 99 50<\/p>\n\n\n\n<p><\/p>\n\n\n\n<h2 class=\"wp-block-heading\">Bliv en del af et ligev\u00e6rdigt f\u00e6llesskab med plads til dig<\/h2>\n\n\n\n<p>CSM Midt Nords caf\u00e9 i Aarhus er et v\u00e6rested for voksne, der har v\u00e6ret udsat for seksuelle overgreb i barndommen \u2013 og for deres p\u00e5r\u00f8rende. Uanset hvor du er i din proces, er du velkommen hos os. Her er der plads til dig, som du er, med alt hvad du b\u00e6rer p\u00e5.<\/p>\n\n\n\n<p><img loading=\"lazy\" decoding=\"async\" class=\"alignnone size-medium wp-image-4364\" src=\"https:\/\/csm-danmark.dk\/midt-nord\/wp-content\/uploads\/sites\/2\/2025\/06\/20250522_135955-300x135.jpg\" alt=\"\" width=\"300\" height=\"135\" srcset=\"https:\/\/csm-danmark.dk\/midt-nord\/wp-content\/uploads\/sites\/2\/2025\/06\/20250522_135955-300x135.jpg 300w, https:\/\/csm-danmark.dk\/midt-nord\/wp-content\/uploads\/sites\/2\/2025\/06\/20250522_135955-1024x461.jpg 1024w, https:\/\/csm-danmark.dk\/midt-nord\/wp-content\/uploads\/sites\/2\/2025\/06\/20250522_135955-768x346.jpg 768w, https:\/\/csm-danmark.dk\/midt-nord\/wp-content\/uploads\/sites\/2\/2025\/06\/20250522_135955-1536x692.jpg 1536w, https:\/\/csm-danmark.dk\/midt-nord\/wp-content\/uploads\/sites\/2\/2025\/06\/20250522_135955-2048x922.jpg 2048w, https:\/\/csm-danmark.dk\/midt-nord\/wp-content\/uploads\/sites\/2\/2025\/06\/20250522_135955-624x281.jpg 624w\" sizes=\"auto, (max-width: 300px) 100vw, 300px\" \/>&nbsp; &nbsp; &nbsp; &nbsp; &nbsp; &nbsp; &nbsp; &nbsp; &nbsp; &nbsp; &nbsp; &nbsp; &nbsp; &nbsp; &nbsp; &nbsp;<img loading=\"lazy\" decoding=\"async\" class=\"alignnone size-medium wp-image-4367\" src=\"https:\/\/csm-danmark.dk\/midt-nord\/wp-content\/uploads\/sites\/2\/2025\/06\/20250522_140208-300x135.jpg\" alt=\"\" width=\"300\" height=\"135\" srcset=\"https:\/\/csm-danmark.dk\/midt-nord\/wp-content\/uploads\/sites\/2\/2025\/06\/20250522_140208-300x135.jpg 300w, https:\/\/csm-danmark.dk\/midt-nord\/wp-content\/uploads\/sites\/2\/2025\/06\/20250522_140208-1024x461.jpg 1024w, https:\/\/csm-danmark.dk\/midt-nord\/wp-content\/uploads\/sites\/2\/2025\/06\/20250522_140208-768x346.jpg 768w, https:\/\/csm-danmark.dk\/midt-nord\/wp-content\/uploads\/sites\/2\/2025\/06\/20250522_140208-1536x692.jpg 1536w, https:\/\/csm-danmark.dk\/midt-nord\/wp-content\/uploads\/sites\/2\/2025\/06\/20250522_140208-2048x922.jpg 2048w, https:\/\/csm-danmark.dk\/midt-nord\/wp-content\/uploads\/sites\/2\/2025\/06\/20250522_140208-624x281.jpg 624w\" sizes=\"auto, (max-width: 300px) 100vw, 300px\" \/><\/p>\n\n\n\n<p>I caf\u00e9en kan du m\u00f8de ligesindede og frivillige i trygge og uformelle rammer. Nogle kommer ofte, andre kun enkelte gange \u2013 begge dele er lige okay. Du bestemmer selv, hvad du vil v\u00e6re med til, og hvor l\u00e6nge du bliver. Du kan blot sidde med en kop kaffe, eller du kan dele nogle af dine tanker og lytte til andres. Det hele foreg\u00e5r i dit tempo og p\u00e5 dine pr\u00e6misser.<\/p>\n\n\n\n<p><img loading=\"lazy\" decoding=\"async\" class=\"alignnone size-medium wp-image-4363\" src=\"https:\/\/csm-danmark.dk\/midt-nord\/wp-content\/uploads\/sites\/2\/2025\/06\/20250522_135931-300x135.jpg\" alt=\"\" width=\"300\" height=\"135\" srcset=\"https:\/\/csm-danmark.dk\/midt-nord\/wp-content\/uploads\/sites\/2\/2025\/06\/20250522_135931-300x135.jpg 300w, https:\/\/csm-danmark.dk\/midt-nord\/wp-content\/uploads\/sites\/2\/2025\/06\/20250522_135931-1024x461.jpg 1024w, https:\/\/csm-danmark.dk\/midt-nord\/wp-content\/uploads\/sites\/2\/2025\/06\/20250522_135931-768x346.jpg 768w, https:\/\/csm-danmark.dk\/midt-nord\/wp-content\/uploads\/sites\/2\/2025\/06\/20250522_135931-1536x692.jpg 1536w, https:\/\/csm-danmark.dk\/midt-nord\/wp-content\/uploads\/sites\/2\/2025\/06\/20250522_135931-2048x922.jpg 2048w, https:\/\/csm-danmark.dk\/midt-nord\/wp-content\/uploads\/sites\/2\/2025\/06\/20250522_135931-624x281.jpg 624w\" sizes=\"auto, (max-width: 300px) 100vw, 300px\" \/>&nbsp; &nbsp; &nbsp; &nbsp; &nbsp; &nbsp; &nbsp; &nbsp; &nbsp; &nbsp; &nbsp; &nbsp; &nbsp; &nbsp; &nbsp; &nbsp; <img loading=\"lazy\" decoding=\"async\" class=\"alignnone size-medium wp-image-4362\" src=\"https:\/\/csm-danmark.dk\/midt-nord\/wp-content\/uploads\/sites\/2\/2025\/06\/20250522_135238-300x135.jpg\" alt=\"\" width=\"300\" height=\"135\" srcset=\"https:\/\/csm-danmark.dk\/midt-nord\/wp-content\/uploads\/sites\/2\/2025\/06\/20250522_135238-300x135.jpg 300w, https:\/\/csm-danmark.dk\/midt-nord\/wp-content\/uploads\/sites\/2\/2025\/06\/20250522_135238-1024x461.jpg 1024w, https:\/\/csm-danmark.dk\/midt-nord\/wp-content\/uploads\/sites\/2\/2025\/06\/20250522_135238-768x346.jpg 768w, https:\/\/csm-danmark.dk\/midt-nord\/wp-content\/uploads\/sites\/2\/2025\/06\/20250522_135238-1536x692.jpg 1536w, https:\/\/csm-danmark.dk\/midt-nord\/wp-content\/uploads\/sites\/2\/2025\/06\/20250522_135238-2048x922.jpg 2048w, https:\/\/csm-danmark.dk\/midt-nord\/wp-content\/uploads\/sites\/2\/2025\/06\/20250522_135238-624x281.jpg 624w\" sizes=\"auto, (max-width: 300px) 100vw, 300px\" \/><\/p>\n\n\n\n<p>Vi ved, det kan v\u00e6re sv\u00e6rt at tage det f\u00f8rste skridt. M\u00e5ske sp\u00f8rger du dig selv, om det overhovedet \u201char v\u00e6ret slemt nok\u201d. Men caf\u00e9en er for alle, der har oplevet seksuelle overgreb som barn eller ung, uanset varighed eller hvad du konkret har v\u00e6ret udsat for. Du beh\u00f8ver ikke s\u00e6tte ord p\u00e5 det \u2013 det er nok, at du har brug for et sted at v\u00e6re. Vi v\u00e6rner om caf\u00e9en som et frirum, hvor du m\u00f8der ligesindede, og uden at samtalen beh\u00f8ver at handle om overgrebene, da vi mere har fokus p\u00e5 dit liv her og nu og det som fylder for dig af stort og sm\u00e5t. Hvis du har brug for at dele noget mere privat ift. din overgrebshistorie, henviser vi til enesamtaler med en frivillig. Det kan du l\u00e6se mere om l\u00e6ngere nede p\u00e5 siden.<\/p>\n\n\n\n<p>Hos os er anonymitet og fortrolighed grundl\u00e6ggende. Alle skriver under p\u00e5 en tavshedserkl\u00e6ring, s\u00e5 du kan f\u00f8le dig tryg ved, at det, du deler \u2013 hvis du deler \u2013 bliver mellem os. Caf\u00e9en kr\u00e6ver ingen henvisning eller tilmelding. Du kan komme spontant i \u00e5bningstiden eller ringe og lave en aftale, hvis det f\u00f8les bedst.<\/p>\n<p>&nbsp;<\/p>\n<p><strong>N\u00e5r du kommer f\u00f8rste gang<\/strong><\/p>\n<p>Caf\u00e9en ligger centralt i Aarhus i en diskret bagg\u00e5rd, hvor du trygt kan ankomme uden at f\u00f8le dig udstillet. P\u00e5 en almindelig dag er vi typisk 5-10 mennesker samlet. Der er altid kaffe, te og lidt br\u00f8d eller p\u00e5l\u00e6g \u2013 og masser af plads til bare at v\u00e6re.<\/p>\n<p>Vi ved, det kr\u00e6ver mod at tr\u00e6de ind ad d\u00f8ren f\u00f8rste gang. Derfor vil vi altid tage imod dig med varme, im\u00f8dekommenhed og forst\u00e5else. Vi starter med en fortrolig og uforpligtende snak mellem dig og en ansat over en kop kaffe eller te, hvor du kan fort\u00e6lle lidt om dig selv, og vi introducerer caf\u00e9ens rammer og muligheder for st\u00f8tte. Har du lyst, g\u00e5r vi bagefter sammen ind i caf\u00e9en, og ellers er du altid velkommen til at komme tilbage en anden dag.<\/p>\n<p>&nbsp;<\/p>\n<p><strong>Vores frivillige og caf\u00e9ansvarlige<\/strong><\/p>\n<p>Der er altid frivillige og\/eller ansatte til stede i caf\u00e9en, som s\u00f8rger for, at alle f\u00f8ler sig godt tilpas og hj\u00e6lper med at skabe et f\u00e6llesskab pr\u00e6get af respekt og ligev\u00e6rd.<\/p>\n<p>Herudover vil du som oftest ogs\u00e5 m\u00f8de vores caf\u00e9ansvarlige Heidi Voss, der har mange \u00e5rs erfaring i arbejdet med mennesker, der lever med senf\u00f8lger. <br>Med varme og overblik skaber hun tryghed, kontinuitet og gode rammer i caf\u00e9en.<\/p>\n<p>&nbsp;<\/p>\n<p><strong>Mulighed for enesamtaler Et sted med respekt, fortrolighed og valgfrihed<\/strong><\/p>\n<p>Har du brug for en pause fra det sociale eller brug for at tale privat, kan der v\u00e6re mulighed for at f\u00e5 en individuel, fortrolig samtale med en af vores frivillige eller ansatte i et roligt lokale ved siden af. Du kan l\u00e6se mere om vores individuelle samtaler <a class=\"dull_green\" href=\"https:\/\/csm-danmark.dk\/midt-nord\/frivilligsektionen\/aktiviteter\/individuel-samtale\/\">her<\/a>.<\/p>\n\n\n\n<p><img loading=\"lazy\" decoding=\"async\" class=\"alignnone size-medium wp-image-4369\" src=\"https:\/\/csm-danmark.dk\/midt-nord\/wp-content\/uploads\/sites\/2\/2025\/06\/ChatGPT-Image-May-24-2025-12_00_52-PM-300x200.png\" alt=\"\" width=\"300\" height=\"200\" srcset=\"https:\/\/csm-danmark.dk\/midt-nord\/wp-content\/uploads\/sites\/2\/2025\/06\/ChatGPT-Image-May-24-2025-12_00_52-PM-300x200.png 300w, https:\/\/csm-danmark.dk\/midt-nord\/wp-content\/uploads\/sites\/2\/2025\/06\/ChatGPT-Image-May-24-2025-12_00_52-PM-1024x683.png 1024w, https:\/\/csm-danmark.dk\/midt-nord\/wp-content\/uploads\/sites\/2\/2025\/06\/ChatGPT-Image-May-24-2025-12_00_52-PM-768x512.png 768w, https:\/\/csm-danmark.dk\/midt-nord\/wp-content\/uploads\/sites\/2\/2025\/06\/ChatGPT-Image-May-24-2025-12_00_52-PM-624x416.png 624w, https:\/\/csm-danmark.dk\/midt-nord\/wp-content\/uploads\/sites\/2\/2025\/06\/ChatGPT-Image-May-24-2025-12_00_52-PM.png 1536w\" sizes=\"auto, (max-width: 300px) 100vw, 300px\" \/><\/p>\n\n\n\n<p><strong>N\u00e5r oplevelser er for sv\u00e6re at b\u00e6re alene<\/strong><\/p>\n\n\n\n<p>Senf\u00f8lger efter seksuelle overgreb kan v\u00e6re tunge og sv\u00e6re at g\u00e5 alene med og s\u00e6tte ord p\u00e5. I caf\u00e9en pr\u00f8ver vi ikke at g\u00f8re det let \u2013 men vi oplever ofte, at noget meget sv\u00e6rt bliver en lille smule lettere at b\u00e6re, n\u00e5r man ikke st\u00e5r alene. Her kan du f\u00e5 en pause fra ensomheden og finde et f\u00e6llesskab, hvor du ikke skal forklare dig, og hvor alt ikke beh\u00f8ver v\u00e6re okay for, at du er velkommen.<\/p>\n\n\n\n<p><strong>N\u00e5r caf\u00e9en <u>ikke<\/u> er det rette tilbud for dig<\/strong><\/p>\n\n\n\n<p>Caf\u00e9en er et sted for voksne, der kan indg\u00e5 i samv\u00e6r med andre i et trygt og roligt f\u00e6llesskab. Vi ved, at det kan v\u00e6re sv\u00e6rt at v\u00e6re i kontakt med andre mennesker, og hos os er der altid plads til at tr\u00e6kke sig og tage tingene i dit eget tempo. Men nogle gange kan man have det s\u00e5 overv\u00e6ldende eller kaotisk, at det ikke er muligt at v\u00e6re i sociale rammer \u2013 m\u00e5ske fordi man er midt i en alvorlig psykisk krise eller har brug for mere specialiseret hj\u00e6lp. I de tilf\u00e6lde er caf\u00e9en ikke det rette sted, og vi vil i stedet opfordre dig til at s\u00f8ge st\u00f8tte i psykiatrien eller andre professionelle tilbud, der bedre kan hj\u00e6lpe dig d\u00e9r, hvor du er lige nu. Vi vil i s\u00e5 fald tilbyde dig nogle samtaler og guide dig det rette sted hen.<\/p>\n<h3 class=\"wp-block-heading\">\u00a0<\/h3>\n\n\n\n<h2 class=\"wp-block-heading\">&nbsp;<\/h2>\n\n\n\n<hr class=\"wp-block-separator has-alpha-channel-opacity\"\/>\n\n\n\n<p class=\"has-text-align-center\">Kender du til seksuelt overgreb, s\u00e5 kig forbi<\/p>\n\n\n\n<p class=\"has-text-align-center\">et fristed du helt sikkert vil kunne li\u2019<\/p>\n\n\n\n<p class=\"has-text-align-center\">CSM caf\u00e9en f\u00f8les som at komme hjem<\/p>\n\n\n\n<p class=\"has-text-align-center\">her m\u00f8der du varme, tillid og du f\u00e5r et lille klem.<\/p>\n\n\n\n<p class=\"has-text-align-center\">Du kan v\u00e6re dig som den du er<\/p>\n\n\n\n<p class=\"has-text-align-center\">p\u00e5 caf\u00e9en, vil du f\u00f8le at er du er noget v\u00e6rd.<\/p>\n\n\n\n<p class=\"has-text-align-center\">Tale med en frivillig, hvis behovet er dit<\/p>\n\n\n\n<p class=\"has-text-align-center\">v\u00e6re kreativ tale med andre &#8211; valget er dit.<\/p>\n\n\n\n<p class=\"has-text-align-center\">&nbsp;<\/p>\n\n\n\n<p class=\"has-text-align-center\">At kunne spejle sig i andres ligesindede refleksioner,<\/p>\n\n\n\n<p class=\"has-text-align-center\">vidner om at der er bruger der har v\u00e6ret i samme situationer<\/p>\n\n\n\n<p class=\"has-text-align-center\">Her kan du f\u00f8le og fornemme<\/p>\n\n\n\n<p class=\"has-text-align-center\">det som du har pr\u00f8vet at glemme.<\/p>\n\n\n\n<p class=\"has-text-align-center\">M\u00f8de et nyt netv\u00e6rk, som du kan sparre med<\/p>\n\n\n\n<p class=\"has-text-align-center\">familie relationer varer ikke altid ved.<\/p>\n\n\n\n<p class=\"has-text-align-center\">Er det f\u00f8rste bes\u00f8g p\u00e5 caf\u00e9en sv\u00e6rt<\/p>\n\n\n\n<p class=\"has-text-align-center\">s\u00e5 tag en god ven i h\u00e5nden indtil du f\u00e5r det l\u00e6rt.<\/p>\n\n\n\n<p class=\"has-text-align-right\">Digt af Birgitte Saks, caf\u00e9bruger<\/p>\n","protected":false},"excerpt":{"rendered":"<p>\u00c5bningstider 1. Mandag og 3. mandag i m\u00e5neden kl. 16.30 \u2013 19.30\u00a0Tirsdag kl. 10.00 \u2013 14.00\u00a0Torsdag kl. 10.00 \u2013 14.00\u00a0 Bem\u00e6rk at caf\u00e9en overvejende er lukket i skolernes ferier.\u00a0 &nbsp;Thomas Koppels Gade 30, 2., 8000 Aarhus C &nbsp;51 19 99 50 Bliv en del af et ligev\u00e6rdigt f\u00e6llesskab med plads til dig CSM Midt Nords [&hellip;]<\/p>\n","protected":false},"author":13,"featured_media":0,"parent":0,"menu_order":0,"comment_status":"closed","ping_status":"closed","template":"","meta":{"_acf_changed":false,"footnotes":""},"class_list":["post-1546","page","type-page","status-publish","hentry"],"acf":[],"yoast_head":"<!-- This site is optimized with the Yoast SEO plugin v26.6 - https:\/\/yoast.com\/wordpress\/plugins\/seo\/ -->\n<title>Aarhus Caf\u00e9 - CSM: Midt Nord<\/title>\n<meta name=\"robots\" content=\"index, follow, max-snippet:-1, max-image-preview:large, max-video-preview:-1\" \/>\n<link rel=\"canonical\" href=\"https:\/\/csm-danmark.dk\/midt-nord\/cafeen\/\" \/>\n<meta property=\"og:locale\" content=\"da_DK\" \/>\n<meta property=\"og:type\" content=\"article\" \/>\n<meta property=\"og:title\" content=\"Aarhus Caf\u00e9 - CSM: Midt Nord\" \/>\n<meta property=\"og:description\" content=\"\u00c5bningstider 1. Mandag og 3. mandag i m\u00e5neden kl. 16.30 \u2013 19.30\u00a0Tirsdag kl. 10.00 \u2013 14.00\u00a0Torsdag kl. 10.00 \u2013 14.00\u00a0 Bem\u00e6rk at caf\u00e9en overvejende er lukket i skolernes ferier.\u00a0 &nbsp;Thomas Koppels Gade 30, 2., 8000 Aarhus C &nbsp;51 19 99 50 Bliv en del af et ligev\u00e6rdigt f\u00e6llesskab med plads til dig CSM Midt Nords [&hellip;]\" \/>\n<meta property=\"og:url\" content=\"https:\/\/csm-danmark.dk\/midt-nord\/cafeen\/\" \/>\n<meta property=\"og:site_name\" content=\"CSM: Midt Nord\" \/>\n<meta property=\"article:modified_time\" content=\"2025-09-08T11:34:00+00:00\" \/>\n<meta property=\"og:image\" content=\"https:\/\/csm-danmark.dk\/midt-nord\/wp-content\/uploads\/sites\/2\/2025\/06\/20250522_135955-scaled.jpg\" \/>\n\t<meta property=\"og:image:width\" content=\"2560\" \/>\n\t<meta property=\"og:image:height\" content=\"1153\" \/>\n\t<meta property=\"og:image:type\" content=\"image\/jpeg\" \/>\n<meta name=\"twitter:card\" content=\"summary_large_image\" \/>\n<meta name=\"twitter:label1\" content=\"Estimeret l\u00e6setid\" \/>\n\t<meta name=\"twitter:data1\" content=\"7 minutter\" \/>\n<script type=\"application\/ld+json\" class=\"yoast-schema-graph\">{\"@context\":\"https:\/\/schema.org\",\"@graph\":[{\"@type\":\"WebPage\",\"@id\":\"https:\/\/csm-danmark.dk\/midt-nord\/cafeen\/\",\"url\":\"https:\/\/csm-danmark.dk\/midt-nord\/cafeen\/\",\"name\":\"Aarhus Caf\u00e9 - CSM: Midt Nord\",\"isPartOf\":{\"@id\":\"https:\/\/csm-danmark.dk\/midt-nord\/#website\"},\"primaryImageOfPage\":{\"@id\":\"https:\/\/csm-danmark.dk\/midt-nord\/cafeen\/#primaryimage\"},\"image\":{\"@id\":\"https:\/\/csm-danmark.dk\/midt-nord\/cafeen\/#primaryimage\"},\"thumbnailUrl\":\"https:\/\/csm-danmark.dk\/midt-nord\/wp-content\/uploads\/sites\/2\/2025\/06\/20250522_135955-300x135.jpg\",\"datePublished\":\"2018-06-19T10:08:17+00:00\",\"dateModified\":\"2025-09-08T11:34:00+00:00\",\"breadcrumb\":{\"@id\":\"https:\/\/csm-danmark.dk\/midt-nord\/cafeen\/#breadcrumb\"},\"inLanguage\":\"da-DK\",\"potentialAction\":[{\"@type\":\"ReadAction\",\"target\":[\"https:\/\/csm-danmark.dk\/midt-nord\/cafeen\/\"]}]},{\"@type\":\"ImageObject\",\"inLanguage\":\"da-DK\",\"@id\":\"https:\/\/csm-danmark.dk\/midt-nord\/cafeen\/#primaryimage\",\"url\":\"https:\/\/csm-danmark.dk\/midt-nord\/wp-content\/uploads\/sites\/2\/2025\/06\/20250522_135955-scaled.jpg\",\"contentUrl\":\"https:\/\/csm-danmark.dk\/midt-nord\/wp-content\/uploads\/sites\/2\/2025\/06\/20250522_135955-scaled.jpg\",\"width\":2560,\"height\":1153},{\"@type\":\"BreadcrumbList\",\"@id\":\"https:\/\/csm-danmark.dk\/midt-nord\/cafeen\/#breadcrumb\",\"itemListElement\":[{\"@type\":\"ListItem\",\"position\":1,\"name\":\"Home\",\"item\":\"https:\/\/csm-danmark.dk\/midt-nord\/\"},{\"@type\":\"ListItem\",\"position\":2,\"name\":\"Aarhus Caf\u00e9\"}]},{\"@type\":\"WebSite\",\"@id\":\"https:\/\/csm-danmark.dk\/midt-nord\/#website\",\"url\":\"https:\/\/csm-danmark.dk\/midt-nord\/\",\"name\":\"CSM: Midt Nord\",\"description\":\"Center for Seksuelt Misbrugte\",\"potentialAction\":[{\"@type\":\"SearchAction\",\"target\":{\"@type\":\"EntryPoint\",\"urlTemplate\":\"https:\/\/csm-danmark.dk\/midt-nord\/?s={search_term_string}\"},\"query-input\":{\"@type\":\"PropertyValueSpecification\",\"valueRequired\":true,\"valueName\":\"search_term_string\"}}],\"inLanguage\":\"da-DK\"}]}<\/script>\n<!-- \/ Yoast SEO plugin. -->","yoast_head_json":{"title":"Aarhus Caf\u00e9 - CSM: Midt Nord","robots":{"index":"index","follow":"follow","max-snippet":"max-snippet:-1","max-image-preview":"max-image-preview:large","max-video-preview":"max-video-preview:-1"},"canonical":"https:\/\/csm-danmark.dk\/midt-nord\/cafeen\/","og_locale":"da_DK","og_type":"article","og_title":"Aarhus Caf\u00e9 - CSM: Midt Nord","og_description":"\u00c5bningstider 1. Mandag og 3. mandag i m\u00e5neden kl. 16.30 \u2013 19.30\u00a0Tirsdag kl. 10.00 \u2013 14.00\u00a0Torsdag kl. 10.00 \u2013 14.00\u00a0 Bem\u00e6rk at caf\u00e9en overvejende er lukket i skolernes ferier.\u00a0 &nbsp;Thomas Koppels Gade 30, 2., 8000 Aarhus C &nbsp;51 19 99 50 Bliv en del af et ligev\u00e6rdigt f\u00e6llesskab med plads til dig CSM Midt Nords [&hellip;]","og_url":"https:\/\/csm-danmark.dk\/midt-nord\/cafeen\/","og_site_name":"CSM: Midt Nord","article_modified_time":"2025-09-08T11:34:00+00:00","og_image":[{"width":2560,"height":1153,"url":"https:\/\/csm-danmark.dk\/midt-nord\/wp-content\/uploads\/sites\/2\/2025\/06\/20250522_135955-scaled.jpg","type":"image\/jpeg"}],"twitter_card":"summary_large_image","twitter_misc":{"Estimeret l\u00e6setid":"7 minutter"},"schema":{"@context":"https:\/\/schema.org","@graph":[{"@type":"WebPage","@id":"https:\/\/csm-danmark.dk\/midt-nord\/cafeen\/","url":"https:\/\/csm-danmark.dk\/midt-nord\/cafeen\/","name":"Aarhus Caf\u00e9 - CSM: Midt Nord","isPartOf":{"@id":"https:\/\/csm-danmark.dk\/midt-nord\/#website"},"primaryImageOfPage":{"@id":"https:\/\/csm-danmark.dk\/midt-nord\/cafeen\/#primaryimage"},"image":{"@id":"https:\/\/csm-danmark.dk\/midt-nord\/cafeen\/#primaryimage"},"thumbnailUrl":"https:\/\/csm-danmark.dk\/midt-nord\/wp-content\/uploads\/sites\/2\/2025\/06\/20250522_135955-300x135.jpg","datePublished":"2018-06-19T10:08:17+00:00","dateModified":"2025-09-08T11:34:00+00:00","breadcrumb":{"@id":"https:\/\/csm-danmark.dk\/midt-nord\/cafeen\/#breadcrumb"},"inLanguage":"da-DK","potentialAction":[{"@type":"ReadAction","target":["https:\/\/csm-danmark.dk\/midt-nord\/cafeen\/"]}]},{"@type":"ImageObject","inLanguage":"da-DK","@id":"https:\/\/csm-danmark.dk\/midt-nord\/cafeen\/#primaryimage","url":"https:\/\/csm-danmark.dk\/midt-nord\/wp-content\/uploads\/sites\/2\/2025\/06\/20250522_135955-scaled.jpg","contentUrl":"https:\/\/csm-danmark.dk\/midt-nord\/wp-content\/uploads\/sites\/2\/2025\/06\/20250522_135955-scaled.jpg","width":2560,"height":1153},{"@type":"BreadcrumbList","@id":"https:\/\/csm-danmark.dk\/midt-nord\/cafeen\/#breadcrumb","itemListElement":[{"@type":"ListItem","position":1,"name":"Home","item":"https:\/\/csm-danmark.dk\/midt-nord\/"},{"@type":"ListItem","position":2,"name":"Aarhus Caf\u00e9"}]},{"@type":"WebSite","@id":"https:\/\/csm-danmark.dk\/midt-nord\/#website","url":"https:\/\/csm-danmark.dk\/midt-nord\/","name":"CSM: Midt Nord","description":"Center for Seksuelt Misbrugte","potentialAction":[{"@type":"SearchAction","target":{"@type":"EntryPoint","urlTemplate":"https:\/\/csm-danmark.dk\/midt-nord\/?s={search_term_string}"},"query-input":{"@type":"PropertyValueSpecification","valueRequired":true,"valueName":"search_term_string"}}],"inLanguage":"da-DK"}]}},"_links":{"self":[{"href":"https:\/\/csm-danmark.dk\/midt-nord\/wp-json\/wp\/v2\/pages\/1546","targetHints":{"allow":["GET"]}}],"collection":[{"href":"https:\/\/csm-danmark.dk\/midt-nord\/wp-json\/wp\/v2\/pages"}],"about":[{"href":"https:\/\/csm-danmark.dk\/midt-nord\/wp-json\/wp\/v2\/types\/page"}],"author":[{"embeddable":true,"href":"https:\/\/csm-danmark.dk\/midt-nord\/wp-json\/wp\/v2\/users\/13"}],"replies":[{"embeddable":true,"href":"https:\/\/csm-danmark.dk\/midt-nord\/wp-json\/wp\/v2\/comments?post=1546"}],"version-history":[{"count":82,"href":"https:\/\/csm-danmark.dk\/midt-nord\/wp-json\/wp\/v2\/pages\/1546\/revisions"}],"predecessor-version":[{"id":4452,"href":"https:\/\/csm-danmark.dk\/midt-nord\/wp-json\/wp\/v2\/pages\/1546\/revisions\/4452"}],"wp:attachment":[{"href":"https:\/\/csm-danmark.dk\/midt-nord\/wp-json\/wp\/v2\/media?parent=1546"}],"curies":[{"name":"wp","href":"https:\/\/api.w.org\/{rel}","templated":true}]}}